{"id":93,"date":"2023-05-16T17:14:49","date_gmt":"2023-05-16T17:14:49","guid":{"rendered":"http:\/\/formacja.olsztyn.pl\/?page_id=93"},"modified":"2026-02-11T12:42:33","modified_gmt":"2026-02-11T12:42:33","slug":"warminska-szkola-biblijna","status":"publish","type":"page","link":"https:\/\/formacja.olsztyn.pl\/index.php\/warminska-szkola-biblijna\/","title":{"rendered":"Warmi\u0144ska Szko\u0142a Biblijna"},"content":{"rendered":"<table>\n<tbody>\n<tr>\n<td width=\"604\"><strong>ZAPRASZA WSZYSTKICH PRAGN\u0104CYCH:<\/strong><\/p>\n<p><em>Pog\u0142\u0119bi\u0107 znajomo\u015b\u0107 Pisma \u015awi\u0119tego<\/em><\/p>\n<p><em>Spotka\u0107 w nim osobowego Boga: Ojca, Syna i Ducha \u015awi\u0119tego<\/em><\/p>\n<p><em>Odczu\u0107 moc dzia\u0142ania S\u0142owa Bo\u017cego w \u017cyciu osobistym<\/em><\/p>\n<p><em>Pog\u0142\u0119bi\u0107 duchowo\u015b\u0107 biblijn\u0105<\/em><\/p>\n<p><em>Odnale\u017a\u0107 swoje miejsce w Ko\u015bciele Jezusa<\/em><\/p>\n<p><em>Us\u0142ysze\u0107 odpowiedzi na osobiste pytania wiary i moralno\u015bci<\/em><\/p>\n<p><strong>Zapraszamy wszystkich do udzia\u0142u w wyk\u0142adach WSB.\u00a0\u00a0Wszystkie nasze spotkania b\u0119d\u0105 mia\u0142y miejsce, jak w poprzednich latach, w gmachu Seminarium Duchownego\u00a0<em>Hosianum<\/em>, przy ul. Kard. St. Hozjusza 15, od <u>drugiej soboty pa\u017adziernika (11.10.2025).<\/u><\/strong><\/td>\n<\/tr>\n<tr>\n<td width=\"604\"><strong>Podstawowe informacje:<\/strong><\/td>\n<\/tr>\n<tr>\n<td width=\"604\"><strong>Nie ma \u017cadnych ogranicze\u0144 <\/strong>wiekowych ani stopnia wykszta\u0142cenia. Nie ma te\u017c egzamin\u00f3w, sprawdzian\u00f3w i wyznaczonych op\u0142at (na koniec roku jedynie zbierana jest dobrowolna ofiara w formie tzw. tacy). <strong>Po zako\u0144czeniu cyklu 3 letniego <\/strong>wr\u0119czamy certyfikat uko\u0144czenia WSB, pod jednym wszak\u017ce warunkiem, a mianowicie, \u017ce student nie opu\u015bci\u0142 wi\u0119cej ni\u017c 2 zjazdy w danym roku. Je\u015bli opu\u015bci wi\u0119cej ni\u017c 2 w danym roku, to, by otrzyma\u0107 finalnie certyfikat musi powt\u00f3rzy\u0107 dany rok wyk\u0142ad\u00f3w. W czasie ka\u017cdego zjazdu s\u0105 wyk\u0142adane listy obecno\u015bci, kt\u00f3re nale\u017cy podpisa\u0107 pod w\u0142asnym imieniem i nazwiskiem. <strong>Po otrzymaniu certyfikatu<\/strong> proponujemy naszym absolwentom uczestnictwo w dalszych wyk\u0142adach w ramach <em>Dzie\u0142a Biblijnego im. \u015bw. Jana Paw\u0142a II<\/em>. Odbywaj\u0105 si\u0119 one w tych samych terminach zjazd\u00f3w WSB i w tym samym miejscu (zawsze sala nr 15). <strong>Wyk\u0142ady<\/strong> prowadz\u0105 nauczyciele akademiccy Wydzia\u0142u Teologii UWM w Olsztynie i zaproszeni Go\u015bcie. <strong>Odbywaj\u0105 si\u0119<\/strong> one w ka\u017cd\u0105 drug\u0105 sobot\u0119 miesi\u0105ca, poczynaj\u0105c od pa\u017adziernika, w salach Wydzia\u0142u Teologii i Seminarium Duchownego, ul. St. Hozjusza 15, Olsztyn. <strong>Wyk\u0142ady<\/strong> trwaj\u0105 od godziny 9.30 do 13.30. <strong>Po nich<\/strong> istnieje mo\u017cliwo\u015b\u0107 nauki j\u0119zyka hebrajskiego. Czas trwania to 15 \u2013 20 min. <strong>Wi\u0119cej informacji:<\/strong> <a href=\"mailto:zdzislaw.zywica@uwm.edu.pl\">zdzislaw.zywica@uwm.edu.pl<\/a> oraz <a href=\"http:\/\/formacja.olsztyn.pl\/\">http:\/\/formacja.olsztyn.pl\/<\/a> zak\u0142adka: Warmi\u0144ska Szko\u0142a Biblijna.<\/td>\n<\/tr>\n<tr>\n<td width=\"604\"><strong>Daty zjazd\u00f3w 2025- 2026 r.\u00a0<\/strong><\/p>\n<p><strong>11 pa\u017adziernika 2025 r.<\/strong><\/p>\n<p><strong>08 listopada 2025 r.<\/strong><\/p>\n<p><strong>13 grudnia 2025 r.<\/strong><\/p>\n<p><strong>10 stycznia 2026 r.<\/strong><\/p>\n<p><strong>14 lutego 2026 r.<\/strong><\/p>\n<p><strong>14 marca 2026 r.<\/strong><\/p>\n<p><strong>11 kwietnia 2026 r.<\/strong><\/p>\n<p><strong>09 maja 2026 r.<\/strong><\/p>\n<p><strong>13 czerwca 2026 r.<\/strong><\/td>\n<\/tr>\n<tr>\n<td width=\"604\"><strong>Plan wyk\u0142ad\u00f3w WSB 2025-2026<\/strong><\/p>\n<p><strong>8.30\u00a0\u00a0\u00a0\u00a0\u00a0Msza \u015bwi\u0119ta w ko\u015bciele seminaryjnym \u015bw. J\u00f3zefa.<\/strong><\/p>\n<p><strong>Rok I\u00a0\u00a0 <\/strong>(sala nr 6)<\/p>\n<p>9.30\u00a0\u00a0\u00a0\u00a0\u00a0Historia biblijna (ks. prof. Z. \u017bywica)<\/p>\n<p>10.30\u00a0\u00a0\u00a0Objawienia Maryjne w Gietrzwa\u0142dzie (p. G. Kasjaniuk)<\/p>\n<p>11.30\u00a0\u00a0\u00a0Ludzkie dzieje S\u0142owa Bo\u017cego (ks. dr P. Dernowski)<\/p>\n<p>12.30\u00a0\u00a0\u00a0Trudno\u015bci interpretacyjne wybranych tekst\u00f3w biblijnych (ks. dr T. Nied\u017awiedzki)<\/p>\n<p><strong>Rok II\u00a0 <\/strong>(sala nr 2)<\/p>\n<p>9.30\u00a0\u00a0\u00a0\u00a0\u00a0Ewangelia \u015bw. Jana (p. dr hab. Aleksandra Nalewaj)<\/p>\n<p>10.30\u00a0\u00a0\u00a0Biblia w duszpasterstwie Ko\u015bcio\u0142a (ks. dr P. Dernowski)<\/p>\n<p>11.30\u00a0\u00a0\u00a0\u00a0Pi\u0119cioksi\u0105g (ks. dr T. Nied\u017awiedzki)<\/p>\n<p>12.30\u00a0\u00a0\u00a0Ewangelie synoptyczne (ks. prof. Z. \u017bywica)<\/p>\n<p><strong>Rok III<\/strong>\u00a0 (sala nr 1)<\/p>\n<p>9.30\u00a0 \u00a0 \u00a0Prorocy (ks. dr T. Nied\u017awiedzki)<\/p>\n<p>10.30\u00a0\u00a0\u00a0Apokalipsa \u015bw. Jana (p. dr hab. Aleksandra Nalewaj)<\/p>\n<p>11.30\u00a0\u00a0\u00a0\u00a0\u015awi\u0119ty Pawe\u0142 i jego listy (ks. prof. Z. \u017bywica)<\/p>\n<p>12.30\u00a0 Biblia w \u017cyciu duchowym chrze\u015bcijanina (ks. dr P. Dernowski)<\/p>\n<p><strong>Dzie\u0142o Biblijne<\/strong>\u00a0 (sala nr 15)<\/p>\n<p>9.30\u00a0 \u00a0 \u00a0Objawienia Maryjne i ich or\u0119dzie (p. Grzegorz Kasjaniuk)<\/p>\n<p>10.30\u00a0 \u00a0Troska \u015bw. Paw\u0142a Aposto\u0142a o zak\u0142adane Ko\u015bcio\u0142y w \u015bwietle jego List\u00f3w (ks. prof. Z. \u017bywica)<\/p>\n<p>11.30\u00a0 \u00a0Szko\u0142y duchowo\u015bci chrze\u015bcija\u0144skiej (ks. dr Micha\u0142 Kuci\u0144ski) \/ <u>od lutego<\/u>: ks. dr Adam Ornatek: Struktura hierarchiczna Ko\u015bcio\u0142a Katolickiego.<\/p>\n<p>12.30\u00a0 \u00a0Szko\u0142y duchowo\u015bci chrze\u015bcija\u0144skiej (ks. dr Micha\u0142 Kuci\u0144ski) \/ <u>od lutego<\/u>: ks. dr Adam Ornatek: Struktura hierarchiczna Ko\u015bcio\u0142a Katolickiego.<\/p>\n<p><strong>Dodatkowa oferta<\/strong><\/p>\n<p>13.30 J\u0119zyk hebrajski (pocz\u0105tek: ks. prof. Z. \u017bywica) \u2013 sala nr 2<\/p>\n<p>13.30 J\u0119zyk hebrajski (kontynuacja: ks. dr T. Nied\u017awiedzki) \u2013 sala nr 1<\/td>\n<\/tr>\n<tr>\n<td width=\"604\"><strong>Kontakt: <\/strong>Wol\u0119 uczestnictwa w wyk\u0142adach mo\u017cna zg\u0142asza\u0107 do: Dyrektor WSB \u00a0ks. prof. Zdzis\u0142aw \u017bywica: e-mail na adres: zdzislaw.zywica@uwm.edu.pltelefonicznie: 606 286 578 w innej formie: na pierwszych dw\u00f3ch zaj\u0119ciach (nie p\u00f3\u017aniej).<\/td>\n<\/tr>\n<tr>\n<td width=\"604\"><\/td>\n<\/tr>\n<tr>\n<td width=\"604\"><\/td>\n<\/tr>\n<\/tbody>\n<\/table>\n","protected":false},"excerpt":{"rendered":"<p>ZAPRASZA WSZYSTKICH PRAGN\u0104CYCH: Pog\u0142\u0119bi\u0107 znajomo\u015b\u0107 Pisma \u015awi\u0119tego Spotka\u0107 w nim osobowego Boga: Ojca, Syna i Ducha \u015awi\u0119tego Odczu\u0107 moc dzia\u0142ania S\u0142owa Bo\u017cego w \u017cyciu osobistym Pog\u0142\u0119bi\u0107 duchowo\u015b\u0107 biblijn\u0105 Odnale\u017a\u0107 swoje miejsce w Ko\u015bciele Jezusa Us\u0142ysze\u0107 odpowiedzi na osobiste pytania wiary i moralno\u015bci Zapraszamy wszystkich do udzia\u0142u w wyk\u0142adach WSB.\u00a0\u00a0Wszystkie nasze spotkania b\u0119d\u0105 mia\u0142y miejsce, jak &#8230; <a title=\"Warmi\u0144ska Szko\u0142a Biblijna\" class=\"read-more\" href=\"https:\/\/formacja.olsztyn.pl\/index.php\/warminska-szkola-biblijna\/\" aria-label=\"More on Warmi\u0144ska Szko\u0142a Biblijna\">Read more<\/a><\/p>\n","protected":false},"author":4,"featured_media":0,"parent":0,"menu_order":0,"comment_status":"closed","ping_status":"closed","template":"","meta":{"footnotes":""},"_links":{"self":[{"href":"https:\/\/formacja.olsztyn.pl\/index.php\/wp-json\/wp\/v2\/pages\/93"}],"collection":[{"href":"https:\/\/formacja.olsztyn.pl\/index.php\/wp-json\/wp\/v2\/pages"}],"about":[{"href":"https:\/\/formacja.olsztyn.pl\/index.php\/wp-json\/wp\/v2\/types\/page"}],"author":[{"embeddable":true,"href":"https:\/\/formacja.olsztyn.pl\/index.php\/wp-json\/wp\/v2\/users\/4"}],"replies":[{"embeddable":true,"href":"https:\/\/formacja.olsztyn.pl\/index.php\/wp-json\/wp\/v2\/comments?post=93"}],"version-history":[{"count":19,"href":"https:\/\/formacja.olsztyn.pl\/index.php\/wp-json\/wp\/v2\/pages\/93\/revisions"}],"predecessor-version":[{"id":353,"href":"https:\/\/formacja.olsztyn.pl\/index.php\/wp-json\/wp\/v2\/pages\/93\/revisions\/353"}],"wp:attachment":[{"href":"https:\/\/formacja.olsztyn.pl\/index.php\/wp-json\/wp\/v2\/media?parent=93"}],"curies":[{"name":"wp","href":"https:\/\/api.w.org\/{rel}","templated":true}]}}